{"id":56,"date":"2016-06-03T15:48:36","date_gmt":"2016-06-03T14:48:36","guid":{"rendered":"http:\/\/lesenfantsdarto.be\/ledao\/?page_id=56"},"modified":"2016-06-14T19:32:26","modified_gmt":"2016-06-14T18:32:26","slug":"courts-metrages","status":"publish","type":"page","link":"https:\/\/www.lesenfantsdarto.be\/ledao\/courts-metrages\/","title":{"rendered":"Courts-m\u00e9trages"},"content":{"rendered":"<h1><span style=\"color: #ffffff;\">Courts-m\u00e9trages<\/span><\/h1>\n<p>&nbsp;<\/p>\n<p><span style=\"color: #ffffff;\">Nous r\u00e9alisons ponctuellement des courts-m\u00e9trages pr\u00e9sent\u00e9s lors de festivals et nous recherchons \u00e9galement des com\u00e9diens. <\/span><\/p>\n<p><span style=\"color: #ffffff;\">N&rsquo;h\u00e9sitez pas \u00e0 aimer nos pages facebook respectives <strong><span style=\"text-decoration: underline;\"><a style=\"color: #ffffff; text-decoration: underline;\" href=\"https:\/\/www.facebook.com\/kinovideo\" target=\"_blank\">Kinovideo<\/a><\/span><\/strong><\/span><br \/>\n<span style=\"color: #ffffff;\"> et <strong><span style=\"text-decoration: underline;\"><a style=\"color: #ffffff; text-decoration: underline;\" href=\"https:\/\/www.facebook.com\/lesenfantsdarto\/\" target=\"_blank\">Le Th\u00e9\u00e2tre les Enfants d&rsquo;Art&rsquo;\u00d4<\/a><\/span><\/strong> pour \u00eatre tenus au courant de nos projets.<\/span><\/p>\n<p>&nbsp;<\/p>\n<p>&nbsp;<\/p>\n<h2><span style=\"text-decoration: underline; color: #ffffff;\"><strong>The Drop<\/strong><\/span><\/h2>\n<p><iframe loading=\"lazy\" title=\"The Drop HD 1080\" width=\"620\" height=\"349\" src=\"https:\/\/www.youtube.com\/embed\/41CiQ0kFXk8?feature=oembed\" frameborder=\"0\" allow=\"accelerometer; autoplay; clipboard-write; encrypted-media; gyroscope; picture-in-picture; web-share\" referrerpolicy=\"strict-origin-when-cross-origin\" allowfullscreen><\/iframe><\/p>\n<p><span style=\"color: #ffffff;\">The Drop, court-m\u00e9trage tourn\u00e9 dans le cadre du Ramdam Festival 2014.<\/span><\/p>\n<p><span style=\"color: #ffffff;\">Tourn\u00e9 avec un smartphone Nexus 4.<\/span><\/p>\n<p><span style=\"color: #ffffff;\">R\u00e9alisation : Dieudonn\u00e9 Pipers<\/span><\/p>\n<p><span style=\"color: #ffffff;\">avec<\/span><\/p>\n<p><span style=\"color: #ffffff;\">Zo\u00e9 : Alicia Cuignet<\/span><br \/>\n<span style=\"color: #ffffff;\">La prof : C\u00e9line Cambier<\/span><br \/>\n<span style=\"color: #ffffff;\">La soeur : Sacha Nicaise<\/span><br \/>\n<span style=\"color: #ffffff;\">La m\u00e8re : Isabelle Parent<\/span><\/p>\n<p><span style=\"color: #ffffff;\">et aussi<\/span><\/p>\n<p><span style=\"color: #ffffff;\">Mathys Meuris, Vivian Allard, Augustin Pitrebois, Oph\u00e9lie Leroy, F\u00e9licie Alluin, Jos\u00e9phine Demeyer, Lou Depotte et encore d&rsquo;autres&#8230; merci.<\/span><\/p>\n<p>&nbsp;<\/p>\n<p>&nbsp;<\/p>\n<p>&nbsp;<\/p>\n<h2><span style=\"text-decoration: underline; color: #ffffff;\"><strong>L&rsquo;Internat<\/strong><\/span><\/h2>\n<p><iframe loading=\"lazy\" title=\"L&#039;internat\" width=\"620\" height=\"349\" src=\"https:\/\/www.youtube.com\/embed\/sRW1z7n0d0o?feature=oembed\" frameborder=\"0\" allow=\"accelerometer; autoplay; clipboard-write; encrypted-media; gyroscope; picture-in-picture; web-share\" referrerpolicy=\"strict-origin-when-cross-origin\" allowfullscreen><\/iframe><\/p>\n<p><span style=\"color: #ffffff;\">Un promoteur visite un ancien internat en vue de le raser. Mais lors de cette visite, des choses \u00e9tranges se produisent&#8230;<\/span><\/p>\n<p><span style=\"color: #ffffff;\">R\u00e9alisation :\u00a0\u00a0\u00a0 Dieudonn\u00e9 Pipers<\/span><br \/>\n<span style=\"color: #ffffff;\">La dame :\u00a0\u00a0\u00a0\u00a0\u00a0\u00a0\u00a0\u00a0 C\u00e9line Cambier<\/span><br \/>\n<span style=\"color: #ffffff;\">Mr Marquez :\u00a0 Lorenzo Orlandi<\/span><br \/>\n<span style=\"color: #ffffff;\">Les enfants :\u00a0\u00a0 Lucas, Oban, Pierre-Jean, Sim\u00e9on<\/span><\/p>\n<p><span style=\"color: #ffffff;\">Merci \u00e0 Christophe Lembourg et Kinovideo.<\/span><\/p>\n<p>&nbsp;<\/p>\n<p>&nbsp;<\/p>\n<p>&nbsp;<\/p>\n<h2><span style=\"text-decoration: underline; color: #ffffff;\"><strong>Le Monstre<\/strong><\/span><\/h2>\n<p><iframe loading=\"lazy\" title=\"Le monstre\" width=\"620\" height=\"349\" src=\"https:\/\/www.youtube.com\/embed\/YAQAzCHFibI?feature=oembed\" frameborder=\"0\" allow=\"accelerometer; autoplay; clipboard-write; encrypted-media; gyroscope; picture-in-picture; web-share\" referrerpolicy=\"strict-origin-when-cross-origin\" allowfullscreen><\/iframe><\/p>\n<p><span style=\"color: #ffffff;\">Court-m\u00e9trage tourn\u00e9 dans le cadre du concours cinepoket pour le festival Ramdam 2015.<\/span><\/p>\n<p><span style=\"color: #ffffff;\">De C\u00e9line Cambier et Dieudonn\u00e9 Pipers.<\/span><\/p>\n<p><span style=\"color: #ffffff;\">D&rsquo;apr\u00e8s la nouvelle : Journal d&rsquo;un monstre de Richard Matheson.<\/span><\/p>\n<!-- AddThis Advanced Settings generic via filter on the_content --><!-- AddThis Share Buttons generic via filter on the_content -->","protected":false},"excerpt":{"rendered":"<p>Courts-m\u00e9trages &nbsp; Nous r\u00e9alisons ponctuellement des courts-m\u00e9trages pr\u00e9sent\u00e9s lors de festivals et nous recherchons \u00e9galement des com\u00e9diens. N&rsquo;h\u00e9sitez pas \u00e0 aimer nos pages facebook respectives Kinovideo et Le Th\u00e9\u00e2tre les Enfants d&rsquo;Art&rsquo;\u00d4 pour \u00eatre tenus au courant de nos projets. &nbsp; &nbsp; The Drop The Drop, court-m\u00e9trage tourn\u00e9 dans le cadre du Ramdam Festival 2014. [&hellip;]<!-- AddThis Advanced Settings generic via filter on get_the_excerpt --><!-- AddThis Share Buttons generic via filter on get_the_excerpt --><\/p>\n","protected":false},"author":1,"featured_media":0,"parent":0,"menu_order":0,"comment_status":"closed","ping_status":"closed","template":"","meta":{"footnotes":""},"class_list":["post-56","page","type-page","status-publish","hentry"],"_links":{"self":[{"href":"https:\/\/www.lesenfantsdarto.be\/ledao\/wp-json\/wp\/v2\/pages\/56","targetHints":{"allow":["GET"]}}],"collection":[{"href":"https:\/\/www.lesenfantsdarto.be\/ledao\/wp-json\/wp\/v2\/pages"}],"about":[{"href":"https:\/\/www.lesenfantsdarto.be\/ledao\/wp-json\/wp\/v2\/types\/page"}],"author":[{"embeddable":true,"href":"https:\/\/www.lesenfantsdarto.be\/ledao\/wp-json\/wp\/v2\/users\/1"}],"replies":[{"embeddable":true,"href":"https:\/\/www.lesenfantsdarto.be\/ledao\/wp-json\/wp\/v2\/comments?post=56"}],"version-history":[{"count":8,"href":"https:\/\/www.lesenfantsdarto.be\/ledao\/wp-json\/wp\/v2\/pages\/56\/revisions"}],"predecessor-version":[{"id":164,"href":"https:\/\/www.lesenfantsdarto.be\/ledao\/wp-json\/wp\/v2\/pages\/56\/revisions\/164"}],"wp:attachment":[{"href":"https:\/\/www.lesenfantsdarto.be\/ledao\/wp-json\/wp\/v2\/media?parent=56"}],"curies":[{"name":"wp","href":"https:\/\/api.w.org\/{rel}","templated":true}]}}